{"id":141,"date":"2022-04-08T09:20:54","date_gmt":"2022-04-08T09:20:54","guid":{"rendered":"https:\/\/revistapymes.es\/fondos-next-generation\/?page_id=141"},"modified":"2022-04-08T09:22:01","modified_gmt":"2022-04-08T09:22:01","slug":"wolters-kluwer","status":"publish","type":"page","link":"https:\/\/revistapymes.es\/fondos-next-generation\/wolters-kluwer\/","title":{"rendered":"Wolters Kluwer"},"content":{"rendered":"<div class=\"wpb-content-wrapper\"><p>[vc_row][vc_column][vc_single_image image=\u00bb142&#8243; img_size=\u00bb628&#215;100&#8243;]<div  class=\"jeg_postblock_3 jeg_postblock jeg_module_hook jeg_pagination_disable jeg_col_3o3 jnews_module__0_69efbb0d50013   \" data-unique=\"jnews_module__0_69efbb0d50013\">\n\t\t\t\t\t\n\t\t\t\t\t<div class=\"jeg_posts jeg_block_container\">\n                \n                <div class=\"jeg_posts jeg_load_more_flag\">\n                <article class=\"jeg_post jeg_pl_md_2 format-standard\">\n                <div class=\"jeg_thumb\">\n                    \n                    <a href=\"https:\/\/revistapymes.es\/fondos-next-generation\/2022\/11\/14\/wolters-kluwer-el-agente-digitalizador-que-combina-conocimiento-servicios-y-experiencia\/\" aria-label=\"Read article: Wolters Kluwer: el agente digitalizador que combina conocimiento, servicios y experiencia\"><div class=\"thumbnail-container animate-lazy  size-715 \"><img loading=\"lazy\" decoding=\"async\" width=\"350\" height=\"250\" src=\"https:\/\/revistapymes.es\/fondos-next-generation\/wp-content\/themes\/jnews\/assets\/img\/jeg-empty.png\" class=\"attachment-jnews-350x250 size-jnews-350x250 lazyload wp-post-image\" alt=\"Wolters Kluwer: el agente digitalizador que combina conocimiento, servicios y experiencia\" sizes=\"auto, (max-width: 350px) 100vw, 350px\" data-src=\"https:\/\/revistapymes.es\/fondos-next-generation\/wp-content\/uploads\/sites\/2\/2022\/11\/Wolters-Kluwer-Revista-Pymes-agente-digitalizador-350x250.jpg\" data-srcset=\"https:\/\/revistapymes.es\/fondos-next-generation\/wp-content\/uploads\/sites\/2\/2022\/11\/Wolters-Kluwer-Revista-Pymes-agente-digitalizador-350x250.jpg 350w, https:\/\/revistapymes.es\/fondos-next-generation\/wp-content\/uploads\/sites\/2\/2022\/11\/Wolters-Kluwer-Revista-Pymes-agente-digitalizador-120x86.jpg 120w, https:\/\/revistapymes.es\/fondos-next-generation\/wp-content\/uploads\/sites\/2\/2022\/11\/Wolters-Kluwer-Revista-Pymes-agente-digitalizador-750x536.jpg 750w\" data-sizes=\"auto\" data-expand=\"700\" \/><\/div><\/a>\n                <\/div>\n                <div class=\"jeg_postblock_content\">\n                    <h3 class=\"jeg_post_title\">\n                        <a href=\"https:\/\/revistapymes.es\/fondos-next-generation\/2022\/11\/14\/wolters-kluwer-el-agente-digitalizador-que-combina-conocimiento-servicios-y-experiencia\/\">Wolters Kluwer: el agente digitalizador que combina conocimiento, servicios y experiencia<\/a>\n                    <\/h3>\n                    <div class=\"jeg_post_meta\"><\/div>\n                    <div class=\"jeg_post_excerpt\">\n                        <p>Impulsar la digitalizaci\u00f3n y competitividad del tejido empresarial espa\u00f1ol es el objetivo del programa Kit Digital. Finalidad que, como reconoce...<\/p>\n                    <\/div>\n                <\/div>\n            <\/article><article class=\"jeg_post jeg_pl_md_2 format-video\">\n                <div class=\"jeg_thumb\">\n                    \n                    <a href=\"https:\/\/revistapymes.es\/fondos-next-generation\/2022\/05\/17\/los-fondos-nextgenerationeu-son-una-grandisima-oportunidad-pero-tambien-un-gran-reto\/\" aria-label=\"Read article: \u201cLos fondos NextGenerationEU son una grand\u00edsima oportunidad, pero tambi\u00e9n un gran reto\u201d\"><div class=\"thumbnail-container animate-lazy  size-715 \"><img loading=\"lazy\" decoding=\"async\" width=\"350\" height=\"250\" src=\"https:\/\/revistapymes.es\/fondos-next-generation\/wp-content\/themes\/jnews\/assets\/img\/jeg-empty.png\" class=\"attachment-jnews-350x250 size-jnews-350x250 lazyload wp-post-image\" alt=\"Eugenia Dutto - Revista Pymes - Tai Editorial - Espa\u00f1a\" sizes=\"auto, (max-width: 350px) 100vw, 350px\" data-src=\"https:\/\/revistapymes.es\/fondos-next-generation\/wp-content\/uploads\/sites\/2\/2022\/05\/Eugenia-Dutto-Revista-Pymes-NextGenerationEU-Wolters-Kluwer-350x250.jpg\" data-srcset=\"https:\/\/revistapymes.es\/fondos-next-generation\/wp-content\/uploads\/sites\/2\/2022\/05\/Eugenia-Dutto-Revista-Pymes-NextGenerationEU-Wolters-Kluwer-350x250.jpg 350w, https:\/\/revistapymes.es\/fondos-next-generation\/wp-content\/uploads\/sites\/2\/2022\/05\/Eugenia-Dutto-Revista-Pymes-NextGenerationEU-Wolters-Kluwer-120x86.jpg 120w, https:\/\/revistapymes.es\/fondos-next-generation\/wp-content\/uploads\/sites\/2\/2022\/05\/Eugenia-Dutto-Revista-Pymes-NextGenerationEU-Wolters-Kluwer-750x536.jpg 750w\" data-sizes=\"auto\" data-expand=\"700\" \/><\/div><\/a>\n                <\/div>\n                <div class=\"jeg_postblock_content\">\n                    <h3 class=\"jeg_post_title\">\n                        <a href=\"https:\/\/revistapymes.es\/fondos-next-generation\/2022\/05\/17\/los-fondos-nextgenerationeu-son-una-grandisima-oportunidad-pero-tambien-un-gran-reto\/\">\u201cLos fondos NextGenerationEU son una grand\u00edsima oportunidad, pero tambi\u00e9n un gran reto\u201d<\/a>\n                    <\/h3>\n                    <div class=\"jeg_post_meta\"><\/div>\n                    <div class=\"jeg_post_excerpt\">\n                        <p>\u201cLos fondos NextGenerationEU representan una grand\u00edsima oportunidad, pero sobre todo un gran reto para todo el tejido empresarial espa\u00f1ol implicado\u201d,...<\/p>\n                    <\/div>\n                <\/div>\n            <\/article><article class=\"jeg_post jeg_pl_md_2 format-standard\">\n                <div class=\"jeg_thumb\">\n                    \n                    <a href=\"https:\/\/revistapymes.es\/fondos-next-generation\/2022\/04\/13\/5-claves-para-mejorar-la-competitividad-de-la-pyme-a-traves-del-kit-digital\/\" aria-label=\"Read article: 5 claves para mejorar la competitividad de la pyme a trav\u00e9s del Kit Digital\"><div class=\"thumbnail-container animate-lazy  size-715 \"><img loading=\"lazy\" decoding=\"async\" width=\"350\" height=\"250\" src=\"https:\/\/revistapymes.es\/fondos-next-generation\/wp-content\/themes\/jnews\/assets\/img\/jeg-empty.png\" class=\"attachment-jnews-350x250 size-jnews-350x250 lazyload wp-post-image\" alt=\"5 claves para mejorar la competitividad de la pyme a trav\u00e9s del Kit Digital\" sizes=\"auto, (max-width: 350px) 100vw, 350px\" data-src=\"https:\/\/revistapymes.es\/fondos-next-generation\/wp-content\/uploads\/sites\/2\/2022\/04\/Miriam-Ca\u0301mara-350x250.jpg\" data-srcset=\"https:\/\/revistapymes.es\/fondos-next-generation\/wp-content\/uploads\/sites\/2\/2022\/04\/Miriam-Ca\u0301mara-350x250.jpg 350w, https:\/\/revistapymes.es\/fondos-next-generation\/wp-content\/uploads\/sites\/2\/2022\/04\/Miriam-Ca\u0301mara-120x86.jpg 120w, https:\/\/revistapymes.es\/fondos-next-generation\/wp-content\/uploads\/sites\/2\/2022\/04\/Miriam-Ca\u0301mara-750x536.jpg 750w, https:\/\/revistapymes.es\/fondos-next-generation\/wp-content\/uploads\/sites\/2\/2022\/04\/Miriam-Ca\u0301mara-1140x815.jpg 1140w\" data-sizes=\"auto\" data-expand=\"700\" \/><\/div><\/a>\n                <\/div>\n                <div class=\"jeg_postblock_content\">\n                    <h3 class=\"jeg_post_title\">\n                        <a href=\"https:\/\/revistapymes.es\/fondos-next-generation\/2022\/04\/13\/5-claves-para-mejorar-la-competitividad-de-la-pyme-a-traves-del-kit-digital\/\">5 claves para mejorar la competitividad de la pyme a trav\u00e9s del Kit Digital<\/a>\n                    <\/h3>\n                    <div class=\"jeg_post_meta\"><\/div>\n                    <div class=\"jeg_post_excerpt\">\n                        <p>La digitalizaci\u00f3n es uno de los cuatro grandes ejes del Plan de Recuperaci\u00f3n, Transformaci\u00f3n y Resiliencia impulsado por el Gobierno...<\/p>\n                    <\/div>\n                <\/div>\n            <\/article><article class=\"jeg_post jeg_pl_md_2 format-standard\">\n                <div class=\"jeg_thumb\">\n                    \n                    <a href=\"https:\/\/revistapymes.es\/fondos-next-generation\/2022\/04\/05\/wolters-kluwer-reune-toda-la-informacion-sobre-los-fondos-nextgenerationeu-y-el-kit-digital-en-una-guia\/\" aria-label=\"Read article: Wolters Kluwer re\u00fane toda la informaci\u00f3n sobre los fondos NextGenerationEU y el Kit Digital en una gu\u00eda\"><div class=\"thumbnail-container animate-lazy  size-715 \"><img loading=\"lazy\" decoding=\"async\" width=\"350\" height=\"250\" src=\"https:\/\/revistapymes.es\/fondos-next-generation\/wp-content\/themes\/jnews\/assets\/img\/jeg-empty.png\" class=\"attachment-jnews-350x250 size-jnews-350x250 lazyload wp-post-image\" alt=\"Wolters Kluwer re\u00fane toda la informaci\u00f3n sobre los fondos NextGenerationEU y el Kit Digital en una gu\u00eda\" sizes=\"auto, (max-width: 350px) 100vw, 350px\" data-src=\"https:\/\/revistapymes.es\/fondos-next-generation\/wp-content\/uploads\/sites\/2\/2022\/04\/eBook-350x250.png\" data-srcset=\"https:\/\/revistapymes.es\/fondos-next-generation\/wp-content\/uploads\/sites\/2\/2022\/04\/eBook-350x250.png 350w, https:\/\/revistapymes.es\/fondos-next-generation\/wp-content\/uploads\/sites\/2\/2022\/04\/eBook-120x86.png 120w, https:\/\/revistapymes.es\/fondos-next-generation\/wp-content\/uploads\/sites\/2\/2022\/04\/eBook-750x536.png 750w, https:\/\/revistapymes.es\/fondos-next-generation\/wp-content\/uploads\/sites\/2\/2022\/04\/eBook-1140x815.png 1140w\" data-sizes=\"auto\" data-expand=\"700\" \/><\/div><\/a>\n                <\/div>\n                <div class=\"jeg_postblock_content\">\n                    <h3 class=\"jeg_post_title\">\n                        <a href=\"https:\/\/revistapymes.es\/fondos-next-generation\/2022\/04\/05\/wolters-kluwer-reune-toda-la-informacion-sobre-los-fondos-nextgenerationeu-y-el-kit-digital-en-una-guia\/\">Wolters Kluwer re\u00fane toda la informaci\u00f3n sobre los fondos NextGenerationEU y el Kit Digital en una gu\u00eda<\/a>\n                    <\/h3>\n                    <div class=\"jeg_post_meta\"><\/div>\n                    <div class=\"jeg_post_excerpt\">\n                        <p>Desde que se anunciaron los fondos NextGenerationEU y, posteriormente, el Gobierno de Espa\u00f1a presentase el programa Kit Digital se ha...<\/p>\n                    <\/div>\n                <\/div>\n            <\/article>\n            <\/div>\n                <div class='module-overlay'>\n\t\t\t\t    <div class='preloader_type preloader_dot'>\n\t\t\t\t        <div class=\"module-preloader jeg_preloader dot\">\n\t\t\t\t            <span><\/span><span><\/span><span><\/span>\n\t\t\t\t        <\/div>\n\t\t\t\t        <div class=\"module-preloader jeg_preloader circle\">\n\t\t\t\t            <div class=\"jnews_preloader_circle_outer\">\n\t\t\t\t                <div class=\"jnews_preloader_circle_inner\"><\/div>\n\t\t\t\t            <\/div>\n\t\t\t\t        <\/div>\n\t\t\t\t        <div class=\"module-preloader jeg_preloader square\">\n\t\t\t\t            <div class=\"jeg_square\">\n\t\t\t\t                <div class=\"jeg_square_inner\"><\/div>\n\t\t\t\t            <\/div>\n\t\t\t\t        <\/div>\n\t\t\t\t    <\/div>\n\t\t\t\t<\/div>\n            <\/div>\n            <div class=\"jeg_block_navigation\">\n                <div class='navigation_overlay'><div class='module-preloader jeg_preloader'><span><\/span><span><\/span><span><\/span><\/div><\/div>\n                \n                \n            <\/div>\n\t\t\t\t\t\n\t\t\t\t\t<script>var jnews_module__0_69efbb0d50013 = {\"compatible_column_notice\":\"\",\"header_icon\":\"\",\"first_title\":\"\",\"second_title\":\"\",\"url\":\"\",\"header_type\":\"heading_6\",\"header_background\":\"\",\"header_secondary_background\":\"\",\"header_text_color\":\"\",\"header_line_color\":\"\",\"header_accent_color\":\"\",\"header_filter_category\":\"\",\"header_filter_author\":\"\",\"header_filter_tag\":\"\",\"header_filter_text\":\"All\",\"sticky_post\":false,\"sticky_post_filter\":false,\"post_type\":\"post\",\"content_type\":\"all\",\"sponsor\":false,\"number_post\":\"4\",\"post_offset\":\"0\",\"unique_content\":\"disable\",\"include_post\":\"\",\"included_only\":false,\"exclude_post\":\"\",\"include_category\":\"\",\"exclude_category\":\"\",\"include_author\":\"\",\"include_tag\":\"7\",\"exclude_tag\":\"\",\"exclude_visited_post\":false,\"sort_by\":\"latest\",\"date_format\":\"default\",\"date_format_custom\":\"Y\\\/m\\\/d\",\"excerpt_length\":\"20\",\"excerpt_ellipsis\":\"...\",\"force_normal_image_load\":\"\",\"main_custom_image_size\":\"default\",\"pagination_mode\":\"disable\",\"pagination_nextprev_showtext\":\"\",\"pagination_number_post\":4,\"pagination_scroll_limit\":0,\"ads_type\":\"disable\",\"ads_position\":1,\"ads_random\":\"\",\"ads_image\":\"\",\"ads_image_tablet\":\"\",\"ads_image_phone\":\"\",\"ads_image_link\":\"\",\"ads_image_alt\":\"\",\"ads_image_new_tab\":\"\",\"google_publisher_id\":\"\",\"google_slot_id\":\"\",\"google_desktop\":\"auto\",\"google_tab\":\"auto\",\"google_phone\":\"auto\",\"content\":\"\",\"ads_bottom_text\":\"\",\"boxed\":\"\",\"boxed_shadow\":\"\",\"el_id\":\"\",\"el_class\":\"\",\"scheme\":\"\",\"column_width\":\"auto\",\"title_color\":\"\",\"accent_color\":\"\",\"alt_color\":\"\",\"excerpt_color\":\"\",\"css\":\"\",\"paged\":1,\"column_class\":\"jeg_col_3o3\",\"class\":\"jnews_block_3\"};<\/script>\n\t\t\t\t<\/div>[\/vc_column][\/vc_row]<\/p>\n<\/div>","protected":false},"excerpt":{"rendered":"<p>[vc_row][vc_column][vc_single_image image=\u00bb142&#8243; img_size=\u00bb628&#215;100&#8243;][\/vc_column][\/vc_row]<\/p>\n","protected":false},"author":1,"featured_media":0,"parent":0,"menu_order":0,"comment_status":"closed","ping_status":"closed","template":"template-index.php","meta":{"jnews_page_loop":{"enable_page_loop":"0","first_title":"Latest Post","second_title":"","header_type":"heading_6","header_background":"","header_text_color":"","layout":"right-sidebar","sidebar":"default-sidebar","second_sidebar":"default-sidebar","sticky_sidebar":"1","module":"3","boxed":"0","boxed_shadow":"0","box_shadow":"0","excerpt_length":"20","content_date":"default","date_custom":"Y\/m\/d","content_pagination":"nav_1","pagination_align":"center","show_navtext":"0","show_pageinfo":"0","post_offset":"0","posts_per_page":"5","include_post":"","exclude_post":"","include_category":"","exclude_category":"","include_author":"","include_tag":"","exclude_tag":"","sort_by":"latest"},"jnews_single_page":{"layout":"no-sidebar","sidebar":"default-sidebar","second_sidebar":"default-sidebar","sticky_sidebar":"1","show_post_featured":"1","show_post_meta":"0","share_position":"top","share_color":"share-monocrhome"},"jnews_social_meta":{"fb_title":"","fb_description":"","fb_image":"","twitter_title":"","twitter_description":"","twitter_image":""},"footnotes":""},"class_list":["post-141","page","type-page","status-publish","hentry"],"_links":{"self":[{"href":"https:\/\/revistapymes.es\/fondos-next-generation\/wp-json\/wp\/v2\/pages\/141","targetHints":{"allow":["GET"]}}],"collection":[{"href":"https:\/\/revistapymes.es\/fondos-next-generation\/wp-json\/wp\/v2\/pages"}],"about":[{"href":"https:\/\/revistapymes.es\/fondos-next-generation\/wp-json\/wp\/v2\/types\/page"}],"author":[{"embeddable":true,"href":"https:\/\/revistapymes.es\/fondos-next-generation\/wp-json\/wp\/v2\/users\/1"}],"replies":[{"embeddable":true,"href":"https:\/\/revistapymes.es\/fondos-next-generation\/wp-json\/wp\/v2\/comments?post=141"}],"version-history":[{"count":2,"href":"https:\/\/revistapymes.es\/fondos-next-generation\/wp-json\/wp\/v2\/pages\/141\/revisions"}],"predecessor-version":[{"id":145,"href":"https:\/\/revistapymes.es\/fondos-next-generation\/wp-json\/wp\/v2\/pages\/141\/revisions\/145"}],"wp:attachment":[{"href":"https:\/\/revistapymes.es\/fondos-next-generation\/wp-json\/wp\/v2\/media?parent=141"}],"curies":[{"name":"wp","href":"https:\/\/api.w.org\/{rel}","templated":true}]}}