{"id":192,"date":"2022-05-11T08:51:47","date_gmt":"2022-05-11T08:51:47","guid":{"rendered":"https:\/\/revistapymes.es\/fondos-next-generation\/?page_id=192"},"modified":"2022-10-07T11:37:39","modified_gmt":"2022-10-07T11:37:39","slug":"hp","status":"publish","type":"page","link":"https:\/\/revistapymes.es\/fondos-next-generation\/hp\/","title":{"rendered":"HP"},"content":{"rendered":"<div class=\"wpb-content-wrapper\"><p>[vc_row][vc_column][vc_single_image image=\u00bb193&#8243; img_size=\u00bb150&#215;150&#8243;][\/vc_column][\/vc_row][vc_row][vc_column width=\u00bb2\/3&#8243;]<div  class=\"jeg_postblock_16 jeg_postblock jeg_module_hook jeg_pagination_disable jeg_col_3o3 jnews_module__0_69efaa4be8c02   \" data-unique=\"jnews_module__0_69efaa4be8c02\">\n\t\t\t\t\t<div class=\"jeg_block_heading jeg_block_heading_6 jeg_subcat_right\">\n                     <h3 class=\"jeg_block_title\"><span>Destacado<\/span><\/h3>\n                     \n                 <\/div>\n\t\t\t\t\t<div class=\"jeg_block_container\">\n                    \n                    <div class=\"jeg_posts_wrap\">\n                    <div class=\"jeg_postbig\">\n                        <article class=\"jeg_post jeg_pl_lg_5 format-standard\">\n                            <div class=\"jeg_thumb\">\n                    \n                    <a href=\"https:\/\/revistapymes.es\/fondos-next-generation\/2022\/07\/05\/crear-soluciones-faciles-para-todas-las-pymes-que-contemplen-hardware-servicio-y-software-podria-ser-el-elemento-diferencial\/\" aria-label=\"Read article: Crear soluciones f\u00e1ciles para todas las pymes que contemplen hardware, servicio y software podr\u00eda ser el elemento diferencial\"><div class=\"thumbnail-container animate-lazy  size-500 \"><img loading=\"lazy\" decoding=\"async\" width=\"1140\" height=\"570\" src=\"https:\/\/revistapymes.es\/fondos-next-generation\/wp-content\/themes\/jnews\/assets\/img\/jeg-empty.png\" class=\"attachment-jnews-1140x570 size-jnews-1140x570 lazyload wp-post-image\" alt=\"HP - Revista Pymes - Tai Editorial - Espa\u00f1a\" sizes=\"auto, (max-width: 1140px) 100vw, 1140px\" data-src=\"https:\/\/revistapymes.es\/fondos-next-generation\/wp-content\/uploads\/sites\/2\/2022\/07\/HP-Revista-Pymes-NextGenerationEU-1140x570.jpg\" data-srcset=\"https:\/\/revistapymes.es\/fondos-next-generation\/wp-content\/uploads\/sites\/2\/2022\/07\/HP-Revista-Pymes-NextGenerationEU-1140x570.jpg 1140w, https:\/\/revistapymes.es\/fondos-next-generation\/wp-content\/uploads\/sites\/2\/2022\/07\/HP-Revista-Pymes-NextGenerationEU-360x180.jpg 360w, https:\/\/revistapymes.es\/fondos-next-generation\/wp-content\/uploads\/sites\/2\/2022\/07\/HP-Revista-Pymes-NextGenerationEU-750x375.jpg 750w\" data-sizes=\"auto\" data-expand=\"700\" \/><\/div><\/a>\n                    <div class=\"jeg_post_category\">\n                        <span><a href=\"https:\/\/revistapymes.es\/fondos-next-generation\/category\/contenido-premium\/\" class=\"category-contenido-premium\">Contenido pr\u00e9mium<\/a><\/span>\n                    <\/div>\n                <\/div>\n                <div class=\"jeg_postblock_content\">\n                    <h3 class=\"jeg_post_title\">\n                        <a href=\"https:\/\/revistapymes.es\/fondos-next-generation\/2022\/07\/05\/crear-soluciones-faciles-para-todas-las-pymes-que-contemplen-hardware-servicio-y-software-podria-ser-el-elemento-diferencial\/\">Crear soluciones f\u00e1ciles para todas las pymes que contemplen hardware, servicio y software podr\u00eda ser el elemento diferencial<\/a>\n                    <\/h3>\n                    <div class=\"jeg_post_meta\"><\/div>\n                    <div class=\"jeg_post_excerpt\">\n                        <p>HP quiere impulsar la adquisici\u00f3n de dispositivos seguros que garanticen la protecci\u00f3n de todos los activos de la empresa. Un...<\/p>\n                        <a href=\"https:\/\/revistapymes.es\/fondos-next-generation\/2022\/07\/05\/crear-soluciones-faciles-para-todas-las-pymes-que-contemplen-hardware-servicio-y-software-podria-ser-el-elemento-diferencial\/\" class=\"jeg_readmore\">Leer m\u00e1s<span class=\"screen-reader-text\">Details<\/span><\/a>\n                    <\/div>\n                <\/div>\n                        <\/article>\n                    <\/div>\n                    <div class=\"jeg_posts jeg_load_more_flag\">\n                        \n                    <\/div>\n                <\/div>\n                    <div class='module-overlay'>\n\t\t\t\t    <div class='preloader_type preloader_dot'>\n\t\t\t\t        <div class=\"module-preloader jeg_preloader dot\">\n\t\t\t\t            <span><\/span><span><\/span><span><\/span>\n\t\t\t\t        <\/div>\n\t\t\t\t        <div class=\"module-preloader jeg_preloader circle\">\n\t\t\t\t            <div class=\"jnews_preloader_circle_outer\">\n\t\t\t\t                <div class=\"jnews_preloader_circle_inner\"><\/div>\n\t\t\t\t            <\/div>\n\t\t\t\t        <\/div>\n\t\t\t\t        <div class=\"module-preloader jeg_preloader square\">\n\t\t\t\t            <div class=\"jeg_square\">\n\t\t\t\t                <div class=\"jeg_square_inner\"><\/div>\n\t\t\t\t            <\/div>\n\t\t\t\t        <\/div>\n\t\t\t\t    <\/div>\n\t\t\t\t<\/div>\n                <\/div>\n                <div class=\"jeg_block_navigation\">\n                    <div class='navigation_overlay'><div class='module-preloader jeg_preloader'><span><\/span><span><\/span><span><\/span><\/div><\/div>\n                    \n                    \n                <\/div>\n\t\t\t\t\t\n\t\t\t\t\t<script>var jnews_module__0_69efaa4be8c02 = {\"compatible_column_notice\":\"\",\"header_icon\":\"\",\"first_title\":\"Destacado\",\"second_title\":\"\",\"url\":\"\",\"header_type\":\"heading_6\",\"header_background\":\"\",\"header_secondary_background\":\"\",\"header_text_color\":\"\",\"header_line_color\":\"\",\"header_accent_color\":\"\",\"header_filter_category\":\"\",\"header_filter_author\":\"\",\"header_filter_tag\":\"\",\"header_filter_text\":\"All\",\"sticky_post\":false,\"sticky_post_filter\":false,\"post_type\":\"post\",\"content_type\":\"all\",\"sponsor\":false,\"number_post\":\"5\",\"post_offset\":\"0\",\"unique_content\":\"disable\",\"include_post\":\"\",\"included_only\":false,\"exclude_post\":\"\",\"include_category\":\"11\",\"exclude_category\":\"\",\"include_author\":\"\",\"include_tag\":\"10\",\"exclude_tag\":\"\",\"exclude_visited_post\":false,\"sort_by\":\"latest\",\"date_format\":\"default\",\"date_format_custom\":\"Y\\\/m\\\/d\",\"excerpt_length\":\"20\",\"excerpt_ellipsis\":\"...\",\"force_normal_image_load\":\"\",\"main_custom_image_size\":\"default\",\"pagination_mode\":\"disable\",\"pagination_nextprev_showtext\":\"\",\"pagination_number_post\":4,\"pagination_scroll_limit\":0,\"boxed\":\"\",\"boxed_shadow\":\"\",\"el_id\":\"\",\"el_class\":\"\",\"scheme\":\"\",\"column_width\":\"auto\",\"title_color\":\"\",\"accent_color\":\"\",\"alt_color\":\"\",\"excerpt_color\":\"\",\"css\":\"\",\"paged\":1,\"column_class\":\"jeg_col_3o3\",\"class\":\"jnews_block_16\"};<\/script>\n\t\t\t\t<\/div><div  class=\"jeg_postblock_3 jeg_postblock jeg_module_hook jeg_pagination_scrollload jeg_col_3o3 jnews_module__1_69efaa4beb008   \" data-unique=\"jnews_module__1_69efaa4beb008\">\n\t\t\t\t\t<div class=\"jeg_block_heading jeg_block_heading_6 jeg_subcat_right\">\n                     <h3 class=\"jeg_block_title\"><span>Art\u00edculos<\/span><\/h3>\n                     \n                 <\/div>\n\t\t\t\t\t<div class=\"jeg_posts jeg_block_container\">\n                \n                <div class=\"jeg_posts jeg_load_more_flag\">\n                <article class=\"jeg_post jeg_pl_md_2 format-standard\">\n                <div class=\"jeg_thumb\">\n                    \n                    <a href=\"https:\/\/revistapymes.es\/fondos-next-generation\/2022\/10\/06\/hp-alerta-sobre-el-negocio-de-compra-venta-de-credenciales-en-la-dark-web\/\" aria-label=\"Read article: HP alerta sobre el negocio de compra-venta de credenciales en la dark web\"><div class=\"thumbnail-container animate-lazy  size-715 \"><img loading=\"lazy\" decoding=\"async\" width=\"350\" height=\"250\" src=\"https:\/\/revistapymes.es\/fondos-next-generation\/wp-content\/themes\/jnews\/assets\/img\/jeg-empty.png\" class=\"attachment-jnews-350x250 size-jnews-350x250 lazyload wp-post-image\" alt=\"HP - Revista Pymes - Tai Editorial - Espa\u00f1a\" sizes=\"auto, (max-width: 350px) 100vw, 350px\" data-src=\"https:\/\/revistapymes.es\/fondos-next-generation\/wp-content\/uploads\/sites\/2\/2022\/10\/Articulo1-350x250.jpg\" data-srcset=\"https:\/\/revistapymes.es\/fondos-next-generation\/wp-content\/uploads\/sites\/2\/2022\/10\/Articulo1-350x250.jpg 350w, https:\/\/revistapymes.es\/fondos-next-generation\/wp-content\/uploads\/sites\/2\/2022\/10\/Articulo1-120x86.jpg 120w, https:\/\/revistapymes.es\/fondos-next-generation\/wp-content\/uploads\/sites\/2\/2022\/10\/Articulo1-750x536.jpg 750w\" data-sizes=\"auto\" data-expand=\"700\" \/><\/div><\/a>\n                <\/div>\n                <div class=\"jeg_postblock_content\">\n                    <h3 class=\"jeg_post_title\">\n                        <a href=\"https:\/\/revistapymes.es\/fondos-next-generation\/2022\/10\/06\/hp-alerta-sobre-el-negocio-de-compra-venta-de-credenciales-en-la-dark-web\/\">HP alerta sobre el negocio de compra-venta de credenciales en la dark web<\/a>\n                    <\/h3>\n                    <div class=\"jeg_post_meta\"><\/div>\n                    <div class=\"jeg_post_excerpt\">\n                        <p>El robo de credenciales est\u00e1 a la orden del d\u00eda. El elevado nivel de estos hurtos encuentra su explicaci\u00f3n en...<\/p>\n                    <\/div>\n                <\/div>\n            <\/article><article class=\"jeg_post jeg_pl_md_2 format-standard\">\n                <div class=\"jeg_thumb\">\n                    \n                    <a href=\"https:\/\/revistapymes.es\/fondos-next-generation\/2022\/10\/06\/hackers-historia-de-una-renovacion-continua\/\" aria-label=\"Read article: Hackers, historia de una renovaci\u00f3n continua\"><div class=\"thumbnail-container animate-lazy  size-715 \"><img loading=\"lazy\" decoding=\"async\" width=\"350\" height=\"250\" src=\"https:\/\/revistapymes.es\/fondos-next-generation\/wp-content\/themes\/jnews\/assets\/img\/jeg-empty.png\" class=\"attachment-jnews-350x250 size-jnews-350x250 lazyload wp-post-image\" alt=\"HP - Revista Pymes - Tai Editorial - Espa\u00f1a\" sizes=\"auto, (max-width: 350px) 100vw, 350px\" data-src=\"https:\/\/revistapymes.es\/fondos-next-generation\/wp-content\/uploads\/sites\/2\/2022\/10\/Articulo2-350x250.jpg\" data-srcset=\"https:\/\/revistapymes.es\/fondos-next-generation\/wp-content\/uploads\/sites\/2\/2022\/10\/Articulo2-350x250.jpg 350w, https:\/\/revistapymes.es\/fondos-next-generation\/wp-content\/uploads\/sites\/2\/2022\/10\/Articulo2-120x86.jpg 120w, https:\/\/revistapymes.es\/fondos-next-generation\/wp-content\/uploads\/sites\/2\/2022\/10\/Articulo2-750x536.jpg 750w\" data-sizes=\"auto\" data-expand=\"700\" \/><\/div><\/a>\n                <\/div>\n                <div class=\"jeg_postblock_content\">\n                    <h3 class=\"jeg_post_title\">\n                        <a href=\"https:\/\/revistapymes.es\/fondos-next-generation\/2022\/10\/06\/hackers-historia-de-una-renovacion-continua\/\">Hackers, historia de una renovaci\u00f3n continua<\/a>\n                    <\/h3>\n                    <div class=\"jeg_post_meta\"><\/div>\n                    <div class=\"jeg_post_excerpt\">\n                        <p>La batalla entre los hackers y las empresas cada vez est\u00e1 m\u00e1s igualada. Los primeros trabajan sin descanso para encontrar...<\/p>\n                    <\/div>\n                <\/div>\n            <\/article><article class=\"jeg_post jeg_pl_md_2 format-standard\">\n                <div class=\"jeg_thumb\">\n                    \n                    <a href=\"https:\/\/revistapymes.es\/fondos-next-generation\/2022\/07\/12\/emotet-el-malware-mas-comun-durante-el-primer-trimestre-de-2022-segun-hp-wolf-security\/\" aria-label=\"Read article: Emotet, el malware m\u00e1s com\u00fan durante el primer trimestre de 2022 seg\u00fan HP Wolf Security\"><div class=\"thumbnail-container animate-lazy  size-715 \"><img loading=\"lazy\" decoding=\"async\" width=\"350\" height=\"250\" src=\"https:\/\/revistapymes.es\/fondos-next-generation\/wp-content\/themes\/jnews\/assets\/img\/jeg-empty.png\" class=\"attachment-jnews-350x250 size-jnews-350x250 lazyload wp-post-image\" alt=\"HP - Revista Pymes - Tai Editorial - Espa\u00f1a\" sizes=\"auto, (max-width: 350px) 100vw, 350px\" data-src=\"https:\/\/revistapymes.es\/fondos-next-generation\/wp-content\/uploads\/sites\/2\/2022\/07\/Art\u00edculo-1-350x250.jpg\" data-srcset=\"https:\/\/revistapymes.es\/fondos-next-generation\/wp-content\/uploads\/sites\/2\/2022\/07\/Art\u00edculo-1-350x250.jpg 350w, https:\/\/revistapymes.es\/fondos-next-generation\/wp-content\/uploads\/sites\/2\/2022\/07\/Art\u00edculo-1-120x86.jpg 120w, https:\/\/revistapymes.es\/fondos-next-generation\/wp-content\/uploads\/sites\/2\/2022\/07\/Art\u00edculo-1-750x533.jpg 750w\" data-sizes=\"auto\" data-expand=\"700\" \/><\/div><\/a>\n                <\/div>\n                <div class=\"jeg_postblock_content\">\n                    <h3 class=\"jeg_post_title\">\n                        <a href=\"https:\/\/revistapymes.es\/fondos-next-generation\/2022\/07\/12\/emotet-el-malware-mas-comun-durante-el-primer-trimestre-de-2022-segun-hp-wolf-security\/\">Emotet, el malware m\u00e1s com\u00fan durante el primer trimestre de 2022 seg\u00fan HP Wolf Security<\/a>\n                    <\/h3>\n                    <div class=\"jeg_post_meta\"><\/div>\n                    <div class=\"jeg_post_excerpt\">\n                        <p>Durante el cuarto trimestre de 2021 se conoci\u00f3 la existencia de Emotet, un spam malicioso cuya detecci\u00f3n se increment\u00f3 un...<\/p>\n                    <\/div>\n                <\/div>\n            <\/article>\n            <\/div>\n                <div class='module-overlay'>\n\t\t\t\t    <div class='preloader_type preloader_dot'>\n\t\t\t\t        <div class=\"module-preloader jeg_preloader dot\">\n\t\t\t\t            <span><\/span><span><\/span><span><\/span>\n\t\t\t\t        <\/div>\n\t\t\t\t        <div class=\"module-preloader jeg_preloader circle\">\n\t\t\t\t            <div class=\"jnews_preloader_circle_outer\">\n\t\t\t\t                <div class=\"jnews_preloader_circle_inner\"><\/div>\n\t\t\t\t            <\/div>\n\t\t\t\t        <\/div>\n\t\t\t\t        <div class=\"module-preloader jeg_preloader square\">\n\t\t\t\t            <div class=\"jeg_square\">\n\t\t\t\t                <div class=\"jeg_square_inner\"><\/div>\n\t\t\t\t            <\/div>\n\t\t\t\t        <\/div>\n\t\t\t\t    <\/div>\n\t\t\t\t<\/div>\n            <\/div>\n            <div class=\"jeg_block_navigation\">\n                <div class='navigation_overlay'><div class='module-preloader jeg_preloader'><span><\/span><span><\/span><span><\/span><\/div><\/div>\n                <div class=\"jeg_block_loadmore inactive\">\n                    <a href=\"#\" class='disabled' data-load='Cargar m\u00e1s' data-loading='Cargando...'> Cargar m\u00e1s<\/a>\n                <\/div>\n                \n            <\/div>\n\t\t\t\t\t\n\t\t\t\t\t<script>var jnews_module__1_69efaa4beb008 = {\"compatible_column_notice\":\"\",\"header_icon\":\"\",\"first_title\":\"Art\\u00edculos\",\"second_title\":\"\",\"url\":\"\",\"header_type\":\"heading_6\",\"header_background\":\"\",\"header_secondary_background\":\"\",\"header_text_color\":\"\",\"header_line_color\":\"\",\"header_accent_color\":\"\",\"header_filter_category\":\"\",\"header_filter_author\":\"\",\"header_filter_tag\":\"\",\"header_filter_text\":\"All\",\"sticky_post\":false,\"sticky_post_filter\":false,\"post_type\":\"post\",\"content_type\":\"all\",\"sponsor\":false,\"number_post\":\"4\",\"post_offset\":\"0\",\"unique_content\":\"disable\",\"include_post\":\"\",\"included_only\":false,\"exclude_post\":\"\",\"include_category\":\"2\",\"exclude_category\":\"\",\"include_author\":\"\",\"include_tag\":\"10\",\"exclude_tag\":\"\",\"exclude_visited_post\":false,\"sort_by\":\"latest\",\"date_format\":\"default\",\"date_format_custom\":\"Y\\\/m\\\/d\",\"excerpt_length\":\"20\",\"excerpt_ellipsis\":\"...\",\"force_normal_image_load\":\"\",\"main_custom_image_size\":\"default\",\"pagination_mode\":\"scrollload\",\"pagination_nextprev_showtext\":\"\",\"pagination_number_post\":\"6\",\"pagination_scroll_limit\":\"0\",\"ads_type\":\"disable\",\"ads_position\":1,\"ads_random\":\"\",\"ads_image\":\"\",\"ads_image_tablet\":\"\",\"ads_image_phone\":\"\",\"ads_image_link\":\"\",\"ads_image_alt\":\"\",\"ads_image_new_tab\":\"\",\"google_publisher_id\":\"\",\"google_slot_id\":\"\",\"google_desktop\":\"auto\",\"google_tab\":\"auto\",\"google_phone\":\"auto\",\"content\":\"\",\"ads_bottom_text\":\"\",\"boxed\":\"\",\"boxed_shadow\":\"\",\"el_id\":\"\",\"el_class\":\"\",\"scheme\":\"\",\"column_width\":\"auto\",\"title_color\":\"\",\"accent_color\":\"\",\"alt_color\":\"\",\"excerpt_color\":\"\",\"css\":\"\",\"paged\":1,\"column_class\":\"jeg_col_3o3\",\"class\":\"jnews_block_3\"};<\/script>\n\t\t\t\t<\/div>[\/vc_column][vc_column width=\u00bb1\/3&#8243;]<div  class=\"jeg_postblock_23 jeg_postblock jeg_module_hook jeg_pagination_disable jeg_col_3o3 jnews_module__2_69efaa4bed345   \" data-unique=\"jnews_module__2_69efaa4bed345\">\n\t\t\t\t\t<div class=\"jeg_block_heading jeg_block_heading_6 jeg_subcat_right\">\n                     <h3 class=\"jeg_block_title\"><span>V\u00eddeos<\/span><\/h3>\n                     \n                 <\/div>\n\t\t\t\t\t<div class=\"jeg_block_container\">\n                    \n                    <div class=\"jeg_posts_wrap\">\n                    <div class=\"jeg_posts jeg_load_more_flag\"> \n                        <article class=\"jeg_post jeg_pl_md_1 format-video\">\n                    <div class=\"jeg_thumb\">\n                        \n                        <a href=\"https:\/\/revistapymes.es\/fondos-next-generation\/2023\/01\/07\/el-kit-digital-ha-obviado-que-la-transformacion-digital-exige-un-dispositivo-de-acceso\/\" aria-label=\"Read article: \u201cEl Kit Digital ha obviado que la transformaci\u00f3n digital exige un dispositivo de acceso\u201d\"><div class=\"thumbnail-container animate-lazy  size-715 \"><img loading=\"lazy\" decoding=\"async\" width=\"350\" height=\"250\" src=\"https:\/\/revistapymes.es\/fondos-next-generation\/wp-content\/themes\/jnews\/assets\/img\/jeg-empty.png\" class=\"attachment-jnews-350x250 size-jnews-350x250 lazyload wp-post-image\" alt=\"Kit Digital - Revista Pymes - Tai Editorial - Espa\u00f1a\" sizes=\"auto, (max-width: 350px) 100vw, 350px\" data-src=\"https:\/\/revistapymes.es\/fondos-next-generation\/wp-content\/uploads\/sites\/2\/2023\/01\/kitdigital-revistapymes-hp-melchor-sanz-350x250.jpg\" data-srcset=\"https:\/\/revistapymes.es\/fondos-next-generation\/wp-content\/uploads\/sites\/2\/2023\/01\/kitdigital-revistapymes-hp-melchor-sanz-350x250.jpg 350w, https:\/\/revistapymes.es\/fondos-next-generation\/wp-content\/uploads\/sites\/2\/2023\/01\/kitdigital-revistapymes-hp-melchor-sanz-120x86.jpg 120w, https:\/\/revistapymes.es\/fondos-next-generation\/wp-content\/uploads\/sites\/2\/2023\/01\/kitdigital-revistapymes-hp-melchor-sanz-750x536.jpg 750w\" data-sizes=\"auto\" data-expand=\"700\" \/><\/div><\/a>\n                        <div class=\"jeg_post_category\">\n                            <span><a href=\"https:\/\/revistapymes.es\/fondos-next-generation\/category\/videos\/\" class=\"category-videos\">V\u00eddeos<\/a><\/span>\n                        <\/div>\n                    <\/div>\n                    <div class=\"jeg_postblock_content\">\n                        <h3 class=\"jeg_post_title\">\n                            <a href=\"https:\/\/revistapymes.es\/fondos-next-generation\/2023\/01\/07\/el-kit-digital-ha-obviado-que-la-transformacion-digital-exige-un-dispositivo-de-acceso\/\">\u201cEl Kit Digital ha obviado que la transformaci\u00f3n digital exige un dispositivo de acceso\u201d<\/a>\n                        <\/h3>\n                        <div class=\"jeg_post_excerpt\">\n                            <p>Apenas 500 millones de euros se han consumido del Kit Digital. Una cifra, tremendamente escueta, que sirve a Melchor Sanz,...<\/p>\n                        <\/div>\n                        <div class=\"jeg_post_meta\"><\/div>\n                    <\/div>\n                <\/article><article class=\"jeg_post jeg_pl_md_1 format-video\">\n                    <div class=\"jeg_thumb\">\n                        \n                        <a href=\"https:\/\/revistapymes.es\/fondos-next-generation\/2022\/10\/27\/hp-wolf-security-solucion-multicapa-para-proteger-el-sistema-operativo-de-extremo-a-extremo\/\" aria-label=\"Read article: HP Wolf Security: soluci\u00f3n multicapa para proteger el sistema operativo de extremo a extremo\"><div class=\"thumbnail-container animate-lazy  size-715 \"><img loading=\"lazy\" decoding=\"async\" width=\"350\" height=\"250\" src=\"https:\/\/revistapymes.es\/fondos-next-generation\/wp-content\/themes\/jnews\/assets\/img\/jeg-empty.png\" class=\"attachment-jnews-350x250 size-jnews-350x250 lazyload wp-post-image\" alt=\"HP - Revista Pymes - Tai Editorial - Espa\u00f1a\" sizes=\"auto, (max-width: 350px) 100vw, 350px\" data-src=\"https:\/\/revistapymes.es\/fondos-next-generation\/wp-content\/uploads\/sites\/2\/2022\/10\/HP-Carlos-Manero-350x250.jpg\" data-srcset=\"https:\/\/revistapymes.es\/fondos-next-generation\/wp-content\/uploads\/sites\/2\/2022\/10\/HP-Carlos-Manero-350x250.jpg 350w, https:\/\/revistapymes.es\/fondos-next-generation\/wp-content\/uploads\/sites\/2\/2022\/10\/HP-Carlos-Manero-120x86.jpg 120w, https:\/\/revistapymes.es\/fondos-next-generation\/wp-content\/uploads\/sites\/2\/2022\/10\/HP-Carlos-Manero-750x536.jpg 750w\" data-sizes=\"auto\" data-expand=\"700\" \/><\/div><\/a>\n                        <div class=\"jeg_post_category\">\n                            <span><a href=\"https:\/\/revistapymes.es\/fondos-next-generation\/category\/videos\/\" class=\"category-videos\">V\u00eddeos<\/a><\/span>\n                        <\/div>\n                    <\/div>\n                    <div class=\"jeg_postblock_content\">\n                        <h3 class=\"jeg_post_title\">\n                            <a href=\"https:\/\/revistapymes.es\/fondos-next-generation\/2022\/10\/27\/hp-wolf-security-solucion-multicapa-para-proteger-el-sistema-operativo-de-extremo-a-extremo\/\">HP Wolf Security: soluci\u00f3n multicapa para proteger el sistema operativo de extremo a extremo<\/a>\n                        <\/h3>\n                        <div class=\"jeg_post_excerpt\">\n                            <p>Wolf Security es la soluci\u00f3n de seguridad integral y multicapa de HP que permite, como explica en este v\u00eddeo Carlos...<\/p>\n                        <\/div>\n                        <div class=\"jeg_post_meta\"><\/div>\n                    <\/div>\n                <\/article><article class=\"jeg_post jeg_pl_md_1 format-video\">\n                    <div class=\"jeg_thumb\">\n                        \n                        <a href=\"https:\/\/revistapymes.es\/fondos-next-generation\/2022\/05\/19\/los-fondos-europeos-son-una-oportunidad-para-que-las-pymes-inviertan-en-seguridad\/\" aria-label=\"Read article: \u201cLos fondos europeos son una oportunidad para que las pymes inviertan en seguridad\u201d\"><div class=\"thumbnail-container animate-lazy  size-715 \"><img loading=\"lazy\" decoding=\"async\" width=\"350\" height=\"250\" src=\"https:\/\/revistapymes.es\/fondos-next-generation\/wp-content\/themes\/jnews\/assets\/img\/jeg-empty.png\" class=\"attachment-jnews-350x250 size-jnews-350x250 lazyload wp-post-image\" alt=\"Melchor Sanz - Revista Pymes - Tai Editorial - Espa\u00f1a\" sizes=\"auto, (max-width: 350px) 100vw, 350px\" data-src=\"https:\/\/revistapymes.es\/fondos-next-generation\/wp-content\/uploads\/sites\/2\/2022\/05\/Melchor-Sanz-Revista-Pymes-NextGeneration-HP-350x250.jpg\" data-srcset=\"https:\/\/revistapymes.es\/fondos-next-generation\/wp-content\/uploads\/sites\/2\/2022\/05\/Melchor-Sanz-Revista-Pymes-NextGeneration-HP-350x250.jpg 350w, https:\/\/revistapymes.es\/fondos-next-generation\/wp-content\/uploads\/sites\/2\/2022\/05\/Melchor-Sanz-Revista-Pymes-NextGeneration-HP-120x86.jpg 120w, https:\/\/revistapymes.es\/fondos-next-generation\/wp-content\/uploads\/sites\/2\/2022\/05\/Melchor-Sanz-Revista-Pymes-NextGeneration-HP-750x536.jpg 750w\" data-sizes=\"auto\" data-expand=\"700\" \/><\/div><\/a>\n                        <div class=\"jeg_post_category\">\n                            <span><a href=\"https:\/\/revistapymes.es\/fondos-next-generation\/category\/videos\/\" class=\"category-videos\">V\u00eddeos<\/a><\/span>\n                        <\/div>\n                    <\/div>\n                    <div class=\"jeg_postblock_content\">\n                        <h3 class=\"jeg_post_title\">\n                            <a href=\"https:\/\/revistapymes.es\/fondos-next-generation\/2022\/05\/19\/los-fondos-europeos-son-una-oportunidad-para-que-las-pymes-inviertan-en-seguridad\/\">\u201cLos fondos europeos son una oportunidad para que las pymes inviertan en seguridad\u201d<\/a>\n                        <\/h3>\n                        <div class=\"jeg_post_excerpt\">\n                            <p>Destaca Melchor Sanz, CTO de HP, el grado de concienciaci\u00f3n que tienen las pymes sobre la importancia de la seguridad....<\/p>\n                        <\/div>\n                        <div class=\"jeg_post_meta\"><\/div>\n                    <\/div>\n                <\/article><article class=\"jeg_post jeg_pl_md_1 format-video\">\n                    <div class=\"jeg_thumb\">\n                        \n                        <a href=\"https:\/\/revistapymes.es\/fondos-next-generation\/2022\/05\/10\/hp-wolf-pro-security-ofrece-a-las-pymes-antivirus-proteccion-de-credenciales-y-aislamiento\/\" aria-label=\"Read article: \u201cHP Wolf Pro Security ofrece a las pymes antivirus, protecci\u00f3n de credenciales y aislamiento\u201d\"><div class=\"thumbnail-container animate-lazy  size-715 \"><img loading=\"lazy\" decoding=\"async\" width=\"350\" height=\"250\" src=\"https:\/\/revistapymes.es\/fondos-next-generation\/wp-content\/themes\/jnews\/assets\/img\/jeg-empty.png\" class=\"attachment-jnews-350x250 size-jnews-350x250 lazyload wp-post-image\" alt=\"Carlos Manero - Revista Pymes - Tai Editorial - Espa\u00f1a\" sizes=\"auto, (max-width: 350px) 100vw, 350px\" data-src=\"https:\/\/revistapymes.es\/fondos-next-generation\/wp-content\/uploads\/sites\/2\/2022\/05\/Carlos-Manero-Revista-Pymes-NextGenerationEU-HP-350x250.jpg\" data-srcset=\"https:\/\/revistapymes.es\/fondos-next-generation\/wp-content\/uploads\/sites\/2\/2022\/05\/Carlos-Manero-Revista-Pymes-NextGenerationEU-HP-350x250.jpg 350w, https:\/\/revistapymes.es\/fondos-next-generation\/wp-content\/uploads\/sites\/2\/2022\/05\/Carlos-Manero-Revista-Pymes-NextGenerationEU-HP-120x86.jpg 120w, https:\/\/revistapymes.es\/fondos-next-generation\/wp-content\/uploads\/sites\/2\/2022\/05\/Carlos-Manero-Revista-Pymes-NextGenerationEU-HP-750x536.jpg 750w\" data-sizes=\"auto\" data-expand=\"700\" \/><\/div><\/a>\n                        <div class=\"jeg_post_category\">\n                            <span><a href=\"https:\/\/revistapymes.es\/fondos-next-generation\/category\/videos\/\" class=\"category-videos\">V\u00eddeos<\/a><\/span>\n                        <\/div>\n                    <\/div>\n                    <div class=\"jeg_postblock_content\">\n                        <h3 class=\"jeg_post_title\">\n                            <a href=\"https:\/\/revistapymes.es\/fondos-next-generation\/2022\/05\/10\/hp-wolf-pro-security-ofrece-a-las-pymes-antivirus-proteccion-de-credenciales-y-aislamiento\/\">\u201cHP Wolf Pro Security ofrece a las pymes antivirus, protecci\u00f3n de credenciales y aislamiento\u201d<\/a>\n                        <\/h3>\n                        <div class=\"jeg_post_excerpt\">\n                            <p>Carlos Manero Arg\u00fcelles, Digital Servicies Development Manager de HP, desgrana en el siguiente v\u00eddeo los tres pilares fundamentales de HP...<\/p>\n                        <\/div>\n                        <div class=\"jeg_post_meta\"><\/div>\n                    <\/div>\n                <\/article>\n                    <\/div>\n                <\/div>\n                    <div class='module-overlay'>\n\t\t\t\t    <div class='preloader_type preloader_dot'>\n\t\t\t\t        <div class=\"module-preloader jeg_preloader dot\">\n\t\t\t\t            <span><\/span><span><\/span><span><\/span>\n\t\t\t\t        <\/div>\n\t\t\t\t        <div class=\"module-preloader jeg_preloader circle\">\n\t\t\t\t            <div class=\"jnews_preloader_circle_outer\">\n\t\t\t\t                <div class=\"jnews_preloader_circle_inner\"><\/div>\n\t\t\t\t            <\/div>\n\t\t\t\t        <\/div>\n\t\t\t\t        <div class=\"module-preloader jeg_preloader square\">\n\t\t\t\t            <div class=\"jeg_square\">\n\t\t\t\t                <div class=\"jeg_square_inner\"><\/div>\n\t\t\t\t            <\/div>\n\t\t\t\t        <\/div>\n\t\t\t\t    <\/div>\n\t\t\t\t<\/div>\n                <\/div>\n                <div class=\"jeg_block_navigation\">\n                    <div class='navigation_overlay'><div class='module-preloader jeg_preloader'><span><\/span><span><\/span><span><\/span><\/div><\/div>\n                    \n                    \n                <\/div>\n\t\t\t\t\t\n\t\t\t\t\t<script>var jnews_module__2_69efaa4bed345 = {\"compatible_column_notice\":\"\",\"header_icon\":\"\",\"first_title\":\"V\\u00eddeos\",\"second_title\":\"\",\"url\":\"\",\"header_type\":\"heading_6\",\"header_background\":\"\",\"header_secondary_background\":\"\",\"header_text_color\":\"\",\"header_line_color\":\"\",\"header_accent_color\":\"\",\"header_filter_category\":\"\",\"header_filter_author\":\"\",\"header_filter_tag\":\"\",\"header_filter_text\":\"All\",\"sticky_post\":false,\"sticky_post_filter\":false,\"post_type\":\"post\",\"content_type\":\"all\",\"sponsor\":false,\"number_post\":\"4\",\"post_offset\":\"0\",\"unique_content\":\"disable\",\"include_post\":\"\",\"included_only\":false,\"exclude_post\":\"\",\"include_category\":\"4\",\"exclude_category\":\"\",\"include_author\":\"\",\"include_tag\":\"10\",\"exclude_tag\":\"\",\"exclude_visited_post\":false,\"sort_by\":\"latest\",\"date_format\":\"default\",\"date_format_custom\":\"Y\\\/m\\\/d\",\"excerpt_length\":\"20\",\"excerpt_ellipsis\":\"...\",\"force_normal_image_load\":\"\",\"main_custom_image_size\":\"default\",\"pagination_mode\":\"disable\",\"pagination_nextprev_showtext\":\"\",\"pagination_number_post\":4,\"pagination_scroll_limit\":0,\"boxed\":\"\",\"boxed_shadow\":\"\",\"el_id\":\"\",\"el_class\":\"\",\"scheme\":\"\",\"column_width\":\"auto\",\"title_color\":\"\",\"accent_color\":\"\",\"alt_color\":\"\",\"excerpt_color\":\"\",\"css\":\"\",\"paged\":1,\"column_class\":\"jeg_col_3o3\",\"class\":\"jnews_block_23\"};<\/script>\n\t\t\t\t<\/div>[\/vc_column][\/vc_row]<\/p>\n<\/div>","protected":false},"excerpt":{"rendered":"<p>[vc_row][vc_column][vc_single_image image=\u00bb193&#8243; img_size=\u00bb150&#215;150&#8243;][\/vc_column][\/vc_row][vc_row][vc_column width=\u00bb2\/3&#8243;][\/vc_column][vc_column width=\u00bb1\/3&#8243;][\/vc_column][\/vc_row]<\/p>\n","protected":false},"author":1,"featured_media":0,"parent":0,"menu_order":0,"comment_status":"closed","ping_status":"closed","template":"template-index.php","meta":{"jnews_page_loop":{"enable_page_loop":"0","first_title":"Latest Post","second_title":"","header_type":"heading_6","header_background":"","header_text_color":"","layout":"right-sidebar","sidebar":"default-sidebar","second_sidebar":"default-sidebar","sticky_sidebar":"1","module":"3","boxed":"0","boxed_shadow":"0","box_shadow":"0","excerpt_length":"20","content_date":"default","date_custom":"Y\/m\/d","content_pagination":"nav_1","pagination_align":"center","show_navtext":"0","show_pageinfo":"0","post_offset":"0","posts_per_page":"5","include_post":"","exclude_post":"","include_category":"","exclude_category":"","include_author":"","include_tag":"","exclude_tag":"","sort_by":"latest"},"jnews_single_page":{"layout":"no-sidebar","sidebar":"default-sidebar","second_sidebar":"default-sidebar","sticky_sidebar":"1","show_post_featured":"1","show_post_meta":"0","share_position":"hide","share_color":"share-monocrhome"},"jnews_social_meta":{"fb_title":"","fb_description":"","fb_image":"","twitter_title":"","twitter_description":"","twitter_image":""},"footnotes":""},"class_list":["post-192","page","type-page","status-publish","hentry"],"_links":{"self":[{"href":"https:\/\/revistapymes.es\/fondos-next-generation\/wp-json\/wp\/v2\/pages\/192","targetHints":{"allow":["GET"]}}],"collection":[{"href":"https:\/\/revistapymes.es\/fondos-next-generation\/wp-json\/wp\/v2\/pages"}],"about":[{"href":"https:\/\/revistapymes.es\/fondos-next-generation\/wp-json\/wp\/v2\/types\/page"}],"author":[{"embeddable":true,"href":"https:\/\/revistapymes.es\/fondos-next-generation\/wp-json\/wp\/v2\/users\/1"}],"replies":[{"embeddable":true,"href":"https:\/\/revistapymes.es\/fondos-next-generation\/wp-json\/wp\/v2\/comments?post=192"}],"version-history":[{"count":9,"href":"https:\/\/revistapymes.es\/fondos-next-generation\/wp-json\/wp\/v2\/pages\/192\/revisions"}],"predecessor-version":[{"id":435,"href":"https:\/\/revistapymes.es\/fondos-next-generation\/wp-json\/wp\/v2\/pages\/192\/revisions\/435"}],"wp:attachment":[{"href":"https:\/\/revistapymes.es\/fondos-next-generation\/wp-json\/wp\/v2\/media?parent=192"}],"curies":[{"name":"wp","href":"https:\/\/api.w.org\/{rel}","templated":true}]}}